{"id":881,"date":"2023-09-11T13:32:54","date_gmt":"2023-09-11T11:32:54","guid":{"rendered":"https:\/\/sideshore.kunde.website\/datenschutz\/"},"modified":"2024-02-13T10:31:28","modified_gmt":"2024-02-13T09:31:28","slug":"datenschutz","status":"publish","type":"page","link":"https:\/\/sideshore.ch\/fr\/datenschutz\/","title":{"rendered":"D\u00e9claratoin de protection des donn\u00e9es"},"content":{"rendered":"\n<h4 class=\"wp-block-heading\">D\u00e9claration de protection des donn\u00e9es de la soci\u00e9t\u00e9 Sideshore AG<\/h4>\n\n\n\n<h5 class=\"wp-block-heading\">A. Remarques concernant tous les canaux de vente<\/h5>\n\n\n\n<h6 class=\"wp-block-heading\">1. Responsable et contenu de la pr\u00e9sente d\u00e9claration de protection des donn\u00e9es<\/h6>\n\n\n\n<p class=\"has-small-font-size\">Sideshore AG est l&rsquo;exploitant du site web www.sideshore.ch (ci-apr\u00e8s le \u00ab\u00a0site web\u00a0\u00bb) ainsi que des services qui y sont propos\u00e9s et est donc responsable de la collecte, du traitement et de l&rsquo;utilisation de vos donn\u00e9es personnelles et de la compatibilit\u00e9 du traitement des donn\u00e9es avec le droit applicable en mati\u00e8re de protection des donn\u00e9es.<\/p>\n\n\n\n<p class=\"has-small-font-size\">Votre confiance est importante pour nous, c&rsquo;est pourquoi nous prenons le th\u00e8me de la protection des donn\u00e9es au s\u00e9rieux et veillons \u00e0 la s\u00e9curit\u00e9 correspondante. La pr\u00e9sente d\u00e9claration de protection des donn\u00e9es est con\u00e7ue pour r\u00e9pondre aux exigences du r\u00e8glement g\u00e9n\u00e9ral sur la protection des donn\u00e9es de l&rsquo;UE (\u00ab\u00a0RGPD\u00a0\u00bb), de la loi suisse sur la protection des donn\u00e9es (\u00ab\u00a0LPD\u00a0\u00bb) et de la loi suisse r\u00e9vis\u00e9e sur la protection des donn\u00e9es (\u00ab\u00a0revDSG\u00a0\u00bb). Pour savoir quelles donn\u00e9es personnelles nous collectons aupr\u00e8s de vous et \u00e0 quelles fins nous les utilisons, veuillez prendre connaissance des informations ci-dessous.<\/p>\n\n\n\n<p class=\"has-small-font-size\">Veuillez noter que les informations ci-dessous peuvent \u00eatre revues et modifi\u00e9es de temps \u00e0 autre. Nous vous recommandons donc de consulter r\u00e9guli\u00e8rement cette d\u00e9claration de protection des donn\u00e9es. En outre, pour certains traitements de donn\u00e9es mentionn\u00e9s ci-apr\u00e8s, d&rsquo;autres entreprises sont responsables de la protection des donn\u00e9es ou responsables conjointement avec nous, de sorte que dans ces cas, les informations de ces fournisseurs sont \u00e9galement d\u00e9terminantes.<\/p>\n\n\n\n<h6 class=\"wp-block-heading\">2. Interlocuteur pour la protection des donn\u00e9es<\/h6>\n\n\n\n<p class=\"has-small-font-size\">Si vous avez des questions concernant la protection des donn\u00e9es ou si vous souhaitez exercer vos droits, veuillez vous adresser \u00e0 notre interlocuteur pour la protection des donn\u00e9es en envoyant un e-mail \u00e0 l&rsquo;adresse suivante:<\/p>\n\n\n\n<p class=\"has-small-font-size\"><a href=\"mailto:sideshore@sideshore.ch\">sideshore@sideshore.ch<\/a><\/p>\n\n\n\n<p class=\"has-small-font-size\">Le responsable de la protection des donn\u00e9es de l&rsquo;entreprise Sideshore AG est l&rsquo;entreprise elle-m\u00eame, agissant par l&rsquo;interm\u00e9diaire de la direction:<\/p>\n\n\n\n<p class=\"has-small-font-size\"><em>Sideshore AG<br>Philipp Knecht<br>Zinkereistr. 35<br>CH &#8211; 8633 Wolfhausen<\/em><\/p>\n\n\n\n<h6 class=\"wp-block-heading\">3. Vos droits<\/h6>\n\n\n\n<p class=\"has-small-font-size\">Dans la mesure o\u00f9 les conditions l\u00e9gales sont remplies, vous disposez des droits suivants en tant que personne concern\u00e9e par un traitement de donn\u00e9es:<\/p>\n\n\n\n<ul class=\"has-small-font-size wp-block-list\">\n<li>Droit d&rsquo;acc\u00e8s: vous avez le droit de demander \u00e0 tout moment et gratuitement \u00e0 consulter les donn\u00e9es \u00e0 caract\u00e8re personnel que nous avons enregistr\u00e9es \u00e0 votre sujet lorsque nous les traitons. Vous avez ainsi la possibilit\u00e9 de v\u00e9rifier quelles donn\u00e9es personnelles nous traitons \u00e0 votre sujet et que nous les utilisons conform\u00e9ment aux dispositions applicables en mati\u00e8re de protection des donn\u00e9es.\u00a0<\/li>\n\n\n\n<li>Droit de rectification: vous avez le droit de faire rectifier des donn\u00e9es \u00e0 caract\u00e8re personnel inexactes ou incompl\u00e8tes et d&rsquo;\u00eatre inform\u00e9 de cette rectification. Dans ce cas, nous informons les destinataires des donn\u00e9es concern\u00e9es des ajustements effectu\u00e9s, \u00e0 moins que cela ne soit impossible ou n&rsquo;implique des efforts disproportionn\u00e9s.\u00a0\u00a0<\/li>\n\n\n\n<li>Droit \u00e0 l&rsquo;effacement: vous avez le droit de demander que vos donn\u00e9es \u00e0 caract\u00e8re personnel soient effac\u00e9es dans certaines circonstances. Dans certains cas, notamment en cas d&rsquo;obligation l\u00e9gale de conservation, le droit \u00e0 l&rsquo;effacement peut \u00eatre exclu. Dans ce cas, si les conditions sont r\u00e9unies, un blocage des donn\u00e9es peut remplacer l&rsquo;effacement.<\/li>\n\n\n\n<li>Droit \u00e0 la limitation du traitement: vous avez le droit d&rsquo;exiger que le traitement de vos donn\u00e9es personnelles soit limit\u00e9.<\/li>\n\n\n\n<li>Droit \u00e0 la transmission des donn\u00e9es: vous avez le droit de recevoir gratuitement de notre part les donn\u00e9es \u00e0 caract\u00e8re personnel que vous nous avez fournies, dans un format lisible.<\/li>\n\n\n\n<li>Droit d&rsquo;opposition: vous pouvez vous opposer \u00e0 tout moment au traitement des donn\u00e9es, en particulier au traitement des donn\u00e9es en rapport avec la publicit\u00e9 directe (p. ex. e-mails publicitaires).<\/li>\n\n\n\n<li>Droit de r\u00e9vocation : vous avez en principe le droit de r\u00e9voquer \u00e0 tout moment le consentement que vous avez donn\u00e9. Les activit\u00e9s de traitement fond\u00e9es dans le pass\u00e9 sur votre consentement ne deviennent toutefois pas ill\u00e9gales du fait de votre r\u00e9vocation.<\/li>\n<\/ul>\n\n\n\n<p class=\"has-small-font-size\">Pour exercer ce droit, veuillez nous envoyer un e-mail \u00e0 l&rsquo;adresse suivante:<\/p>\n\n\n\n<p class=\"has-small-font-size\"><a href=\"mailto:sideshore@sideshore.ch\">sideshore@sideshore.ch<\/a><\/p>\n\n\n\n<ul class=\"wp-block-list\">\n<li class=\"has-small-font-size\">Droit de recours: vous avez le droit de d\u00e9poser une plainte aupr\u00e8s d&rsquo;une autorit\u00e9 de contr\u00f4le comp\u00e9tente, par exemple contre la mani\u00e8re dont vos donn\u00e9es personnelles sont trait\u00e9es.\u00a0<\/li>\n<\/ul>\n\n\n\n<h6 class=\"wp-block-heading\">4. S\u00e9curit\u00e9 des donn\u00e9es<\/h6>\n\n\n\n<p class=\"has-small-font-size\">Nous avons recours \u00e0 des mesures de s\u00e9curit\u00e9 techniques et organisationnelles appropri\u00e9es pour prot\u00e9ger vos donn\u00e9es personnelles enregistr\u00e9es chez nous contre la perte et les traitements illicites, notamment l&rsquo;acc\u00e8s non autoris\u00e9 de tiers. Nos collaborateurs et les entreprises de services que nous mandatons sont tenus au secret et au respect de la protection des donn\u00e9es. En outre, l&rsquo;acc\u00e8s aux donn\u00e9es personnelles n&rsquo;est accord\u00e9 \u00e0 ces personnes que dans la mesure o\u00f9 il est n\u00e9cessaire \u00e0 l&rsquo;accomplissement de leurs t\u00e2ches.\u00a0\u00a0 Nos mesures de s\u00e9curit\u00e9 sont adapt\u00e9es en permanence en fonction de l&rsquo;\u00e9volution technologique. Toutefois, la transmission d&rsquo;informations par Internet et les moyens de communication \u00e9lectroniques comportent toujours certains risques de s\u00e9curit\u00e9 et nous ne pouvons pas non plus garantir de mani\u00e8re absolue la s\u00e9curit\u00e9 des informations transmises par ce biais.<\/p>\n\n\n\n<h6 class=\"wp-block-heading\">5. Price de contact avec nous<\/h6>\n\n\n\n<p class=\"has-small-font-size\">Lorsque vous nous contactez via nos adresses et canaux de contact (par exemple par e-mail, t\u00e9l\u00e9phone ou formulaire de contact), vos donn\u00e9es \u00e0 caract\u00e8re personnel sont trait\u00e9es. Les donn\u00e9es trait\u00e9es sont celles que vous avez mises \u00e0 notre disposition, par exemple le nom de votre entreprise, votre nom, votre fonction, votre adresse e-mail ou votre num\u00e9ro de t\u00e9l\u00e9phone et votre demande. En outre, le moment de la r\u00e9ception de la demande est document\u00e9. Les donn\u00e9es obligatoires sont marqu\u00e9es d&rsquo;un ast\u00e9risque (*) dans les formulaires de contact.&nbsp;<\/p>\n\n\n\n<p class=\"has-small-font-size\">Nous traitons ces donn\u00e9es exclusivement pour r\u00e9pondre \u00e0 votre demande (p. ex. fourniture d&rsquo;un renseignement sur un produit, assistance dans le cadre de l&rsquo;ex\u00e9cution du contrat, comme par exemple le renvoi de produits, prise en compte de votre feed-back dans l&rsquo;am\u00e9lioration de notre service, etc.) La base juridique de ce traitement de donn\u00e9es est notre int\u00e9r\u00eat l\u00e9gitime au sens de l&rsquo;art. 6, al. 1, let. f du RGPD UE \u00e0 la r\u00e9alisation de votre demande ou, si votre demande vise la conclusion ou l&rsquo;ex\u00e9cution d&rsquo;un contrat, la n\u00e9cessit\u00e9 de prendre les mesures n\u00e9cessaires au sens de l&rsquo;art. 6, al. 1, let. b du RGPD UE.<\/p>\n\n\n\n<h6 class=\"wp-block-heading\">6. Utilisation de vos donn\u00e9es \u00e0 des fins de marketing<\/h6>\n\n\n\n<h6 class=\"wp-block-heading\">6.1 Stockage et analyse centralis\u00e9s des donn\u00e9es dans le syst\u00e8me CRM<\/h6>\n\n\n\n<p class=\"has-small-font-size\">Dans la mesure o\u00f9 une attribution claire \u00e0 votre personne est possible, nous enregistrerons et relierons les donn\u00e9es d\u00e9crites dans la pr\u00e9sente d\u00e9claration de protection des donn\u00e9es, c&rsquo;est-\u00e0-dire en particulier vos donn\u00e9es personnelles, vos prises de contact, vos donn\u00e9es contractuelles ainsi que votre comportement de navigation sur nos sites web dans une base de donn\u00e9es centrale. Cela sert \u00e0 une gestion efficace des donn\u00e9es des clients et nous permet de r\u00e9pondre de mani\u00e8re ad\u00e9quate \u00e0 vos demandes, ainsi que de fournir efficacement les prestations que vous avez demand\u00e9es et de traiter les contrats qui y sont li\u00e9s. La base juridique de ce traitement de donn\u00e9es est notre int\u00e9r\u00eat l\u00e9gitime au sens de l&rsquo;article 6, paragraphe 1, point f) du RGPD de l&rsquo;UE \u00e0 g\u00e9rer efficacement les donn\u00e9es des utilisateurs.\u00a0\u00a0 Nous analysons ces donn\u00e9es afin de d\u00e9velopper nos offres en fonction des besoins et d&rsquo;afficher et de vous proposer des informations et des offres aussi pertinentes que possible. Nous utilisons en outre des m\u00e9thodes qui, sur la base de votre utilisation du site, pr\u00e9disent des int\u00e9r\u00eats possibles et des commandes futures. La base juridique de ces traitements de donn\u00e9es est notre int\u00e9r\u00eat l\u00e9gitime au sens de l&rsquo;art. 6, al. 1, let. f du RGPD de l&rsquo;UE \u00e0 la mise en \u0153uvre de mesures de marketing.<\/p>\n\n\n\n<h6 class=\"wp-block-heading\">6.2 Marketing par e-mail et newsletter<\/h6>\n\n\n\n<p class=\"has-small-font-size\">Si vous vous inscrivez \u00e0 notre newsletter par e-mail (par exemple lors de l&rsquo;ouverture ou au sein de votre compte client), les donn\u00e9es suivantes sont collect\u00e9es. Les donn\u00e9es obligatoires sont marqu\u00e9es d&rsquo;un ast\u00e9risque (*) dans le formulaire d&rsquo;inscription:\u00a0<\/p>\n\n\n\n<ul class=\"wp-block-list\">\n<li class=\"has-small-font-size\">Adresse e-mail<\/li>\n\n\n\n<li class=\"has-small-font-size\">Titre de civilit\u00e9<\/li>\n\n\n\n<li class=\"has-small-font-size\">Pr\u00e9nom et nom de famille<\/li>\n<\/ul>\n\n\n\n<p class=\"has-small-font-size\">En vous inscrivant, vous consentez au traitement de ces donn\u00e9es afin de recevoir de notre part des messages concernant notre entreprise, nos offres ainsi que des produits et services apparent\u00e9s. Cela peut \u00e9galement inclure des invitations \u00e0 participer \u00e0 des concours ou \u00e0 \u00e9valuer l&rsquo;un des produits et services susmentionn\u00e9s. La collecte de la civilit\u00e9 et du nom nous permet de v\u00e9rifier l&rsquo;association de l&rsquo;inscription \u00e0 un compte client \u00e9ventuellement d\u00e9j\u00e0 existant et de personnaliser le contenu des e-mails. L&rsquo;association \u00e0 un compte client nous aide \u00e0 rendre les offres et contenus contenus dans la newsletter plus pertinents pour vous et \u00e0 mieux les adapter \u00e0 vos besoins potentiels.<\/p>\n\n\n\n<p class=\"has-small-font-size\">Nous utilisons vos donn\u00e9es pour l&rsquo;envoi d&rsquo;e-mails jusqu&rsquo;\u00e0 ce que vous r\u00e9voquiez votre consentement. Une r\u00e9vocation est possible \u00e0 tout moment, notamment via le lien de d\u00e9sinscription figurant dans tous nos e-mails marketing.<\/p>\n\n\n\n<p class=\"has-small-font-size\">En vous inscrivant \u00e0 la newsletter, vous consentez \u00e9galement \u00e0 l&rsquo;analyse statistique du comportement des utilisateurs \u00e0 des fins d&rsquo;optimisation et d&rsquo;adaptation de la newsletter. Ce consentement constitue notre base juridique pour le traitement des donn\u00e9es au sens de l&rsquo;article 6, paragraphe 1, point a) du RGPD de l&rsquo;UE.&nbsp; Nous utilisons le logiciel d&rsquo;e-mail marketing Brevo de Sendinblue GmbH K\u00f6penicker Stra\u00dfe 126, 10179 Berlin, Allemagne pour les e-mails marketing. Par cons\u00e9quent, vos donn\u00e9es sont enregistr\u00e9es dans une base de donn\u00e9es de Hetzner Online GmbH, ce qui permet \u00e0 Hetzner Online GmbH d&rsquo;acc\u00e9der \u00e0 vos donn\u00e9es lorsque cela est n\u00e9cessaire pour la mise \u00e0 disposition du logiciel et pour l&rsquo;assistance \u00e0 l&rsquo;utilisation du logiciel. La base juridique de ce traitement est notre int\u00e9r\u00eat l\u00e9gitime au sens de l&rsquo;article 6, paragraphe 1, point f) du RGPD de l&rsquo;UE pour l&rsquo;utilisation des services de fournisseurs tiers.<\/p>\n\n\n\n<h6 class=\"wp-block-heading\">7. Transmission \u00e0 des tiers et possibilit\u00e9 d&rsquo;acc\u00e8s de tiers<\/h6>\n\n\n\n<p class=\"has-small-font-size\">Sans le soutien d&rsquo;autres entreprises, nous ne pourrions pas fournir nos offres sous la forme souhait\u00e9e. Pour que nous puissions utiliser les services de ces entreprises, une transmission de vos donn\u00e9es personnelles est \u00e9galement n\u00e9cessaire dans une certaine mesure. Une telle transmission a lieu notamment dans la mesure o\u00f9 elle est n\u00e9cessaire \u00e0 l&rsquo;ex\u00e9cution du contrat que vous avez demand\u00e9, c&rsquo;est-\u00e0-dire par exemple aux entreprises de logistique ou de transport qui livrent les produits souhait\u00e9s ou \u00e0 un fabricant qui doit satisfaire \u00e0 votre demande de garantie. Pour ces transmissions, la base juridique est la n\u00e9cessit\u00e9 d&rsquo;ex\u00e9cuter le contrat au sens de l&rsquo;article 6, paragraphe 1, point b), du RGPD.<\/p>\n\n\n\n<p class=\"has-small-font-size\">Une transmission a \u00e9galement lieu \u00e0 des prestataires de services s\u00e9lectionn\u00e9s et uniquement dans la mesure n\u00e9cessaire \u00e0 la mise \u00e0 disposition du service. Diff\u00e9rents prestataires de services tiers sont d\u00e9j\u00e0 explicitement mentionn\u00e9s dans la pr\u00e9sente d\u00e9claration de protection des donn\u00e9es, comme par exemple dans les paragraphes relatifs au marketing. Il s&rsquo;agit par ailleurs, par exemple, de prestataires de services informatiques (comme les fournisseurs de solutions logicielles), d&rsquo;agences de publicit\u00e9, d&rsquo;entreprises de conseil. Pour cette transmission de donn\u00e9es, notre int\u00e9r\u00eat l\u00e9gitime au sens de l&rsquo;article 6, alin\u00e9a 1, lettre f du RGPD UE \u00e0 l&rsquo;obtention de services tiers constitue la base juridique.&nbsp;&nbsp; En outre, vos donn\u00e9es peuvent \u00eatre transmises, notamment aux autorit\u00e9s, aux conseillers juridiques ou aux soci\u00e9t\u00e9s de recouvrement, si nous y sommes contraints par la loi ou si cela est n\u00e9cessaire pour pr\u00e9server nos droits, en particulier pour faire valoir des droits d\u00e9coulant de notre relation avec vous. Les donn\u00e9es peuvent \u00e9galement \u00eatre transmises lorsqu&rsquo;une autre entreprise a l&rsquo;intention d&rsquo;acqu\u00e9rir notre entreprise ou des parties de celle-ci et qu&rsquo;une telle transmission est n\u00e9cessaire pour effectuer une v\u00e9rification pr\u00e9alable ou pour la r\u00e9alisation de la transaction. La base juridique de cette transmission de donn\u00e9es est notre int\u00e9r\u00eat l\u00e9gitime au sens de l&rsquo;article 6, paragraphe 1, point f), du RGPD, \u00e0 savoir la pr\u00e9servation de nos droits et le respect de nos obligations ou la vente de notre entreprise.<\/p>\n\n\n\n<h6 class=\"wp-block-heading\">8. Transfert de donn\u00e9es \u00e0 caract\u00e8re personnel \u00e0 l&rsquo;\u00e9tranger<\/h6>\n\n\n\n<p class=\"has-small-font-size\">Nous sommes autoris\u00e9s \u00e0 transmettre vos donn\u00e9es personnelles \u00e0 des tiers \u00e0 l&rsquo;\u00e9tranger, dans la mesure o\u00f9 cela est n\u00e9cessaire \u00e0 l&rsquo;ex\u00e9cution des traitements de donn\u00e9es mentionn\u00e9s dans la pr\u00e9sente d\u00e9claration de protection des donn\u00e9es (voir en particulier les paragraphes 12-13). Dans ce cas, les dispositions l\u00e9gales relatives \u00e0 la communication de donn\u00e9es \u00e0 caract\u00e8re personnel \u00e0 des tiers sont bien entendu respect\u00e9es. Si le pays concern\u00e9 ne dispose pas d&rsquo;un niveau de protection des donn\u00e9es ad\u00e9quat, nous garantissons par des dispositions contractuelles que vos donn\u00e9es sont prot\u00e9g\u00e9es de mani\u00e8re appropri\u00e9e par ces entreprises.<\/p>\n\n\n\n<h6 class=\"wp-block-heading\">9. D\u00e9lais de conservation<\/h6>\n\n\n\n<p class=\"has-small-font-size\">Nous ne conservons les donn\u00e9es \u00e0 caract\u00e8re personnel qu&rsquo;aussi longtemps que cela est n\u00e9cessaire pour effectuer les traitements expliqu\u00e9s dans la pr\u00e9sente d\u00e9claration de protection des donn\u00e9es dans le cadre de notre int\u00e9r\u00eat l\u00e9gitime. Pour les donn\u00e9es contractuelles, la conservation est prescrite par des obligations l\u00e9gales de conservation. Les prescriptions qui nous obligent \u00e0 conserver les donn\u00e9es d\u00e9coulent des dispositions relatives \u00e0 la comptabilit\u00e9 et des dispositions fiscales. Conform\u00e9ment \u00e0 ces dispositions, les communications commerciales, les contrats conclus et les pi\u00e8ces comptables doivent \u00eatre conserv\u00e9s jusqu&rsquo;\u00e0 10 ans. Si nous n&rsquo;avons plus besoin de ces donn\u00e9es pour vous fournir des services, elles sont bloqu\u00e9es. Cela signifie que les donn\u00e9es ne peuvent alors plus \u00eatre utilis\u00e9es que si cela est n\u00e9cessaire pour remplir les obligations de conservation ou pour d\u00e9fendre et faire valoir nos int\u00e9r\u00eats juridiques. Les donn\u00e9es sont supprim\u00e9es d\u00e8s qu&rsquo;il n&rsquo;y a plus d&rsquo;obligation de conservation ni d&rsquo;int\u00e9r\u00eat l\u00e9gitime \u00e0 les conserver.\u00a0\u00a0<\/p>\n\n\n\n<h5 class=\"wp-block-heading\">B. Remarques particuli\u00e8res concernant notre site web<\/h5>\n\n\n\n<h6 class=\"wp-block-heading\">10. Notre site web<\/h6>\n\n\n\n<h6 class=\"wp-block-heading\">10.1 Consultation de notre site web<\/h6>\n\n\n\n<p class=\"has-small-font-size\">Lors de la visite de notre site web, nos serveurs enregistrent temporairement chaque acc\u00e8s dans un fichier journal. Les donn\u00e9es techniques suivantes sont alors saisies sans votre intervention, comme en principe lors de chaque connexion \u00e0 un serveur web, et sont enregistr\u00e9es par nos soins jusqu&rsquo;\u00e0 leur suppression automatis\u00e9e au bout de 12 mois au plus tard:<\/p>\n\n\n\n<ul class=\"has-small-font-size wp-block-list\">\n<li>l&rsquo;adresse IP de l&rsquo;ordinateur qui fait la demande<\/li>\n\n\n\n<li>le nom du propri\u00e9taire de la plage d&rsquo;adresses IP (en r\u00e8gle g\u00e9n\u00e9rale, votre fournisseur d&rsquo;acc\u00e8s \u00e0 Internet)<\/li>\n\n\n\n<li>la date et l&rsquo;heure de l&rsquo;acc\u00e8s<\/li>\n\n\n\n<li>le site web \u00e0 partir duquel l&rsquo;acc\u00e8s a eu lieu (Referrer URL), le cas \u00e9ch\u00e9ant avec le mot de recherche utilis\u00e9<\/li>\n\n\n\n<li>le nom et l&rsquo;URL du fichier consult\u00e9<\/li>\n\n\n\n<li>le code d&rsquo;\u00e9tat (par ex. message d&rsquo;erreur)<\/li>\n\n\n\n<li>le syst\u00e8me d&rsquo;exploitation de votre ordinateur<\/li>\n\n\n\n<li>le navigateur que vous utilisez (type, version et langue)<\/li>\n\n\n\n<li>le protocole de transmission utilis\u00e9 (par ex. HTTP\/1.1)<\/li>\n\n\n\n<li>le cas \u00e9ch\u00e9ant, votre nom d&rsquo;utilisateur issu d&rsquo;une inscription\/authentification<\/li>\n<\/ul>\n\n\n\n<p class=\"has-small-font-size\">La collecte et le traitement de ces donn\u00e9es ont pour but de permettre l&rsquo;utilisation de notre site web (\u00e9tablissement de la connexion), de garantir durablement la s\u00e9curit\u00e9 et la stabilit\u00e9 du syst\u00e8me ainsi que d&rsquo;analyser les erreurs et les performances et nous permettent d&rsquo;optimiser notre site web (voir \u00e9galement le paragraphe 13 pour ces derniers points).&nbsp;<\/p>\n\n\n\n<p class=\"has-small-font-size\">En cas d&rsquo;attaque contre l&rsquo;infrastructure r\u00e9seau du site web ou de soup\u00e7on d&rsquo;une autre utilisation non autoris\u00e9e ou abusive du site web, l&rsquo;adresse IP ainsi que les autres donn\u00e9es sont analys\u00e9es \u00e0 des fins de clarification et de d\u00e9fense et, le cas \u00e9ch\u00e9ant, utilis\u00e9es dans le cadre d&rsquo;une proc\u00e9dure p\u00e9nale \u00e0 des fins d&rsquo;identification et d&rsquo;action civile ou p\u00e9nale contre les utilisateurs concern\u00e9s.<\/p>\n\n\n\n<p class=\"has-small-font-size\">Les objectifs d\u00e9crits ci-dessus constituent notre int\u00e9r\u00eat l\u00e9gitime au traitement des donn\u00e9es au sens de l&rsquo;art. 6, al. 1, let. f du RGPD de l&rsquo;UE.&nbsp; Enfin, nous utilisons des cookies ainsi que des applications et des outils bas\u00e9s sur l&rsquo;utilisation de cookies lorsque vous visitez notre site web. Dans ce contexte, les donn\u00e9es d\u00e9crites ici peuvent \u00e9galement \u00eatre trait\u00e9es. Vous trouverez de plus amples informations \u00e0 ce sujet dans les autres sections suivantes de la pr\u00e9sente d\u00e9claration de protection des donn\u00e9es, notamment la section 11.<\/p>\n\n\n\n<h6 class=\"wp-block-heading\">10.2 Enregistrement pour un compte client<\/h6>\n\n\n\n<p class=\"has-small-font-size\">Si vous ouvrez un compte client sur notre site web, nous collectons les donn\u00e9es suivantes:\u00a0<\/p>\n\n\n\n<ul class=\"has-small-font-size wp-block-list\">\n<li>Donn\u00e9es personnelles:\n<ul class=\"wp-block-list\">\n<li>Titre de civilit\u00e9<\/li>\n\n\n\n<li>Nom\/pr\u00e9nom<\/li>\n\n\n\n<li>Adresse de facturation\/livraison<\/li>\n\n\n\n<li>Date de naissance<\/li>\n\n\n\n<li>Soci\u00e9t\u00e9\/adresse de la soci\u00e9t\u00e9\/num\u00e9ro d&rsquo;identification d&rsquo;entreprise pour les clients professionnels<\/li>\n\n\n\n<li><\/li>\n<\/ul>\n<\/li>\n\n\n\n<li>Donn\u00e9es de connexion:\n<ul class=\"wp-block-list\">\n<li>Adresse e-mail<\/li>\n\n\n\n<li>Mot de passe<\/li>\n<\/ul>\n<\/li>\n\n\n\n<li>Autres informations:\n<ul class=\"wp-block-list\">\n<li>Langues<\/li>\n\n\n\n<li>Sexe<\/li>\n<\/ul>\n<\/li>\n<\/ul>\n\n\n\n<p class=\"has-small-font-size\">Nous utilisons les donn\u00e9es personnelles pour \u00e9tablir votre identit\u00e9 et v\u00e9rifier que vous remplissez les conditions d&rsquo;enregistrement. L&rsquo;adresse \u00e9lectronique et le mot de passe servent ensemble de donn\u00e9es de connexion et permettent ainsi de s&rsquo;assurer que la bonne personne utilise le site web sous vos indications. Nous avons \u00e9galement besoin de votre adresse \u00e9lectronique pour v\u00e9rifier et confirmer l&rsquo;ouverture de votre compte et pour toute communication future avec vous n\u00e9cessaire \u00e0 l&rsquo;ex\u00e9cution du contrat. En outre, ces donn\u00e9es sont enregistr\u00e9es dans le compte client en vue de la conclusion de futurs contrats.<\/p>\n\n\n\n<p class=\"has-small-font-size\">Nous utilisons \u00e9galement ces donn\u00e9es pour vous fournir un aper\u00e7u des produits command\u00e9s et des prestations achet\u00e9es ainsi qu&rsquo;une possibilit\u00e9 simple de g\u00e9rer vos donn\u00e9es personnelles, pour l&rsquo;administration de notre site web et des relations contractuelles, c&rsquo;est-\u00e0-dire pour la cr\u00e9ation, la conception du contenu, l&rsquo;ex\u00e9cution et la modification des contrats conclus avec vous via votre compte client.&nbsp;<\/p>\n\n\n\n<p class=\"has-small-font-size\">Nous traitons les donn\u00e9es relatives \u00e0 la langue et au sexe afin d&rsquo;afficher sur le site web des propositions d&rsquo;offres adapt\u00e9es au mieux \u00e0 votre profil ou \u00e0 vos besoins personnels, pour la saisie et l&rsquo;\u00e9valuation statistiques des offres choisies et ainsi pour l&rsquo;optimisation de nos propositions et offres.&nbsp;<\/p>\n\n\n\n<p class=\"has-small-font-size\">La base juridique du traitement de vos donn\u00e9es pour la finalit\u00e9 pr\u00e9c\u00e9dente repose sur votre consentement conform\u00e9ment \u00e0 l&rsquo;art. 6, al. 1, let. a du RGPD de l&rsquo;UE. Vous pouvez r\u00e9voquer votre consentement \u00e0 tout moment en retirant les donn\u00e9es de votre compte client ou en supprimant votre compte client ou, en nous en informant, en le faisant supprimer. Afin d&rsquo;\u00e9viter tout abus, vous devez toujours traiter vos donn\u00e9es de connexion de mani\u00e8re confidentielle et vous devez fermer la fen\u00eatre de votre navigateur lorsque vous avez termin\u00e9 de communiquer avec nous, en particulier si vous partagez votre ordinateur avec d&rsquo;autres personnes.<\/p>\n\n\n\n<h6 class=\"wp-block-heading\">11. Cookies<\/h6>\n\n\n\n<p class=\"has-small-font-size\">Les cookies sont des fichiers d&rsquo;information que votre navigateur web enregistre sur le disque dur ou la m\u00e9moire vive de votre ordinateur lorsque vous visitez notre site web. Les cookies se voient attribuer des num\u00e9ros d&rsquo;identification qui permettent d&rsquo;identifier votre navigateur et de lire les informations contenues dans le cookie.&nbsp;<\/p>\n\n\n\n<p class=\"has-small-font-size\">Les cookies contribuent sous de nombreux aspects \u00e0 rendre votre visite sur notre site web plus simple, plus agr\u00e9able et plus judicieuse. Les cookies sont des fichiers d&rsquo;information que votre navigateur Internet enregistre automatiquement sur le disque dur de votre ordinateur lorsque vous visitez notre site Internet.<\/p>\n\n\n\n<p class=\"has-small-font-size\">Nous utilisons par exemple des cookies pour vous proposer la fonction de panier d&rsquo;achat sur plusieurs pages et pour enregistrer temporairement les donn\u00e9es que vous saisissez lorsque vous remplissez un formulaire sur le site web, afin que vous ne deviez pas r\u00e9p\u00e9ter la saisie lorsque vous consultez une autre sous-page. Les cookies sont \u00e9galement utilis\u00e9s, le cas \u00e9ch\u00e9ant, pour pouvoir vous identifier en tant qu&rsquo;utilisateur enregistr\u00e9 apr\u00e8s votre inscription sur le site web, sans que vous ayez \u00e0 vous connecter \u00e0 nouveau lorsque vous consultez une autre sous-page.<\/p>\n\n\n\n<p class=\"has-small-font-size\">La base juridique de ces traitements de donn\u00e9es est notre int\u00e9r\u00eat l\u00e9gitime, au sens de l&rsquo;article 6, paragraphe 1, point f), du RGPD, \u00e0 mettre \u00e0 disposition un site web convivial et moderne.&nbsp; La plupart des navigateurs Internet acceptent automatiquement les cookies. Vous pouvez toutefois configurer votre navigateur de mani\u00e8re \u00e0 ce qu&rsquo;aucun cookie ne soit enregistr\u00e9 sur votre ordinateur ou qu&rsquo;un message s&rsquo;affiche toujours lorsque vous recevez un nouveau cookie. Vous trouverez sur les pages des fournisseurs de navigateurs des explications sur la mani\u00e8re dont vous pouvez configurer le traitement des cookies dans les navigateurs les plus courants. La d\u00e9sactivation des cookies peut toutefois vous emp\u00eacher d&rsquo;utiliser toutes les fonctions de notre site web.<\/p>\n\n\n\n<h6 class=\"wp-block-heading\">12. Outils de suivi<\/h6>\n\n\n\n<h6 class=\"wp-block-heading\">12.1 G\u00e9n\u00e9ralit\u00e9s<\/h6>\n\n\n\n<p class=\"has-small-font-size\">Nous utilisons le service d&rsquo;analyse web de Google Analytics \u00e0 des fins de conception adapt\u00e9e aux besoins et d&rsquo;optimisation continue de notre site web. Dans ce contexte, des profils d&rsquo;utilisation pseudonymis\u00e9s sont cr\u00e9\u00e9s et de petits fichiers texte enregistr\u00e9s sur votre ordinateur (\u00ab\u00a0cookies\u00a0\u00bb) sont utilis\u00e9s. Les informations g\u00e9n\u00e9r\u00e9es par le cookie concernant votre utilisation de ce site web sont transmises aux serveurs des fournisseurs de ces services, y sont enregistr\u00e9es et trait\u00e9es pour nous. En plus des donn\u00e9es mentionn\u00e9es au point 10, nous obtenons ainsi, dans certaines circonstances, les informations suivantes:<\/p>\n\n\n\n<ul class=\"has-small-font-size wp-block-list\">\n<li>chemin de navigation emprunt\u00e9 par un visiteur sur le site<\/li>\n\n\n\n<li>le temps pass\u00e9 sur le site ou la sous-page<\/li>\n\n\n\n<li>la sous-page sur laquelle le visiteur quitte le site web<\/li>\n\n\n\n<li>le pays, la r\u00e9gion ou la ville d&rsquo;o\u00f9 l&rsquo;acc\u00e8s est effectu\u00e9<\/li>\n\n\n\n<li>le terminal (type, version, profondeur de couleur, r\u00e9solution, largeur et hauteur de la fen\u00eatre du navigateur) et<\/li>\n\n\n\n<li>le visiteur r\u00e9current ou nouveau.<\/li>\n<\/ul>\n\n\n\n<p class=\"has-small-font-size\">En notre nom, le fournisseur utilisera ces informations afin d&rsquo;\u00e9valuer l&rsquo;utilisation du site web, de compiler pour nous des rapports sur les activit\u00e9s du site web et de fournir d&rsquo;autres services li\u00e9s \u00e0 l&rsquo;utilisation du site web et d&rsquo;Internet \u00e0 des fins d&rsquo;\u00e9tude de march\u00e9 et de conception de ces pages web en fonction des besoins. Pour ces traitements, nous et les fournisseurs pouvons \u00eatre consid\u00e9r\u00e9s, dans une certaine mesure, comme des responsables communs en mati\u00e8re de protection des donn\u00e9es.&nbsp;<\/p>\n\n\n\n<p class=\"has-small-font-size\">La base juridique de ces traitements de donn\u00e9es avec les outils suivants est votre consentement au sens de l&rsquo;art. 6, al. 1, let. a du RGPD de l&rsquo;UE. Vous pouvez r\u00e9voquer votre consentement ou refuser le traitement \u00e0 tout moment en refusant ou en d\u00e9sactivant les cookies concern\u00e9s dans les param\u00e8tres de votre navigateur web (voir point 11) ou en faisant usage des possibilit\u00e9s sp\u00e9cifiques au service d\u00e9crites ci-apr\u00e8s.<\/p>\n\n\n\n<p class=\"has-small-font-size\">Pour le traitement ult\u00e9rieur des donn\u00e9es par le fournisseur respectif en tant que responsable (unique) en mati\u00e8re de protection des donn\u00e9es, et notamment pour une \u00e9ventuelle transmission de ces informations \u00e0 des tiers tels que les autorit\u00e9s en vertu de dispositions l\u00e9gales nationales, veuillez consulter les informations respectives du fournisseur en mati\u00e8re de protection des donn\u00e9es.<\/p>\n\n\n\n<h6 class=\"wp-block-heading\">12.2 Google Analytics<\/h6>\n\n\n\n<p class=\"has-small-font-size\">Nous utilisons le service d&rsquo;analyse web Google Analytics de Google Ireland Limited (Gordon House, 4 Barrow St, Dublin, D04 E5W5, Irlande) ou Google LLC (1600 Amphitheatre Parkway, Mountain View, CA 94043, USA) (\u00ab\u00a0Google\u00a0\u00bb).&nbsp;<\/p>\n\n\n\n<p class=\"has-small-font-size\">Dans ce contexte, les \u00ab\u00a0donn\u00e9es d\u00e9crites concernant l&rsquo;utilisation du site web peuvent \u00eatre transmises aux serveurs de Google LLC. aux \u00c9tats-Unis \u00e0 des fins de traitement expliqu\u00e9es (voir paragraphe 13). L&rsquo;adresse IP est raccourcie par l&rsquo;activation de l&rsquo;anonymisation IP (\u00ab\u00a0anonymizeIP\u00a0\u00bb) sur ce site web avant la transmission dans les \u00c9tats membres de l&rsquo;Union europ\u00e9enne ou dans d&rsquo;autres \u00c9tats signataires de l&rsquo;accord sur l&rsquo;Espace \u00e9conomique europ\u00e9en. Ce n&rsquo;est que dans des cas exceptionnels que l&rsquo;adresse IP compl\u00e8te est transmise \u00e0 un serveur de Google aux \u00c9tats-Unis et y est raccourcie.<\/p>\n\n\n\n<p class=\"has-small-font-size\">Les utilisateurs peuvent emp\u00eacher la saisie par Google des donn\u00e9es g\u00e9n\u00e9r\u00e9es par le cookie et se rapportant \u00e0 l&rsquo;utilisation du site web par l&rsquo;utilisateur concern\u00e9 (y compris l&rsquo;adresse IP) ainsi que le traitement de ces donn\u00e9es par Google en t\u00e9l\u00e9chargeant et en installant le plug-in de navigateur sous le lien suivant:<\/p>\n\n\n\n<p class=\"has-small-font-size\"><a href=\"http:\/\/tools.google.com\/dlpage\/gaoptout?hl=de\" target=\"_blank\" rel=\"noreferrer noopener\">http:\/\/tools.google.com\/dlpage\/gaoptout?hl=de.<\/a> Vous trouverez <a href=\"https:\/\/policies.google.com\/privacy?hl=de\">ici<\/a> de plus amples informations sur la protection des donn\u00e9es chez Google.\u00a0<\/p>\n\n\n\n<h6 class=\"wp-block-heading\">13. M\u00e9dias sociaux<\/h6>\n\n\n\n<p class=\"has-small-font-size\">Sur notre site web, nous avons int\u00e9gr\u00e9 des liens vers nos profils dans divers r\u00e9seaux sociaux.&nbsp; Si vous cliquez sur les ic\u00f4nes des r\u00e9seaux sociaux, vous serez automatiquement redirig\u00e9 vers notre profil dans le r\u00e9seau concern\u00e9. Une connexion directe est alors \u00e9tablie entre votre navigateur et le serveur du r\u00e9seau social concern\u00e9. Le r\u00e9seau re\u00e7oit ainsi l&rsquo;information que vous avez visit\u00e9 notre site web avec votre adresse IP et que vous avez cliqu\u00e9 sur le lien.<\/p>\n\n\n\n<p class=\"has-small-font-size\">Si vous cliquez sur un lien vers un r\u00e9seau alors que vous \u00eates connect\u00e9 \u00e0 votre compte utilisateur sur le r\u00e9seau concern\u00e9, le contenu de notre site web peut \u00eatre associ\u00e9 \u00e0 votre profil, de sorte que le r\u00e9seau peut directement attribuer votre visite sur notre site web \u00e0 votre compte. Si vous souhaitez \u00e9viter cela, vous devez vous d\u00e9connecter avant de cliquer sur les liens correspondants. Un lien entre votre acc\u00e8s \u00e0 notre site web et votre compte d&rsquo;utilisateur a lieu dans tous les cas si vous vous connectez au r\u00e9seau concern\u00e9 apr\u00e8s avoir cliqu\u00e9 sur le lien. Le fournisseur concern\u00e9 est responsable du traitement des donn\u00e9es qui en d\u00e9coule du point de vue de la protection des donn\u00e9es. Veuillez donc vous r\u00e9f\u00e9rer aux informations figurant sur le site web du r\u00e9seau. La base juridique pour un traitement de donn\u00e9es qui nous est \u00e9ventuellement attribu\u00e9 est notre int\u00e9r\u00eat l\u00e9gitime au sens de l&rsquo;article 6, paragraphe 1, point f du RGPD de l&rsquo;UE \u00e0 utiliser et \u00e0 promouvoir nos profils de m\u00e9dias sociaux.&nbsp;<\/p>\n\n\n\n<h6 class=\"wp-block-heading\">14. Modifications de la d\u00e9claration de protection des donn\u00e9es<\/h6>\n\n\n\n<p class=\"has-small-font-size\">La pr\u00e9sente d\u00e9claration de confidentialit\u00e9 ne fait pas partie d&rsquo;un contrat conclu avec vous. Nous pouvons adapter cette d\u00e9claration de protection des donn\u00e9es \u00e0 tout moment. La version publi\u00e9e sur ce site web est la version actuelle.<\/p>\n\n\n\n<p class=\"has-small-font-size\">Derni\u00e8re mise \u00e0 jour: 01.09.2023<\/p>\n","protected":false},"excerpt":{"rendered":"<p>D\u00e9claration de protection des donn\u00e9es de la soci\u00e9t\u00e9 Sideshore AG A. Remarques concernant tous les canaux de vente 1. Responsable et contenu de &#8230;<\/p>\n","protected":false},"author":2,"featured_media":250,"parent":0,"menu_order":0,"comment_status":"closed","ping_status":"closed","template":"","meta":{"_acf_changed":false,"footnotes":""},"class_list":["post-881","page","type-page","status-publish","has-post-thumbnail","hentry"],"acf":[],"yoast_head":"<!-- This site is optimized with the Yoast SEO plugin v27.4 - https:\/\/yoast.com\/product\/yoast-seo-wordpress\/ -->\n<title>D\u00e9claratoin de protection des donn\u00e9es - Sideshore AG<\/title>\n<meta name=\"description\" content=\"D\u00e9claration de protection des donn\u00e9es de la soci\u00e9t\u00e9 Sideshore AG A. Remarques concernant tous les canaux de vente 1. Responsable et contenu de ...\" \/>\n<meta name=\"robots\" content=\"index, follow, max-snippet:-1, max-image-preview:large, max-video-preview:-1\" \/>\n<link rel=\"canonical\" href=\"https:\/\/sideshore.ch\/fr\/datenschutz\/\" \/>\n<meta property=\"og:locale\" content=\"fr_FR\" \/>\n<meta property=\"og:type\" content=\"article\" \/>\n<meta property=\"og:title\" content=\"D\u00e9claratoin de protection des donn\u00e9es - Sideshore AG\" \/>\n<meta property=\"og:description\" content=\"D\u00e9claration de protection des donn\u00e9es de la soci\u00e9t\u00e9 Sideshore AG A. Remarques concernant tous les canaux de vente 1. Responsable et contenu de ...\" \/>\n<meta property=\"og:url\" content=\"https:\/\/sideshore.ch\/fr\/datenschutz\/\" \/>\n<meta property=\"og:site_name\" content=\"Sideshore AG\" \/>\n<meta property=\"article:modified_time\" content=\"2024-02-13T09:31:28+00:00\" \/>\n<meta property=\"og:image\" content=\"https:\/\/sideshore.ch\/wp-content\/uploads\/2023\/09\/DSC_3013_photo_Bartek_Wolinski_www.wolisphoto.com_.jpg\" \/>\n\t<meta property=\"og:image:width\" content=\"1772\" \/>\n\t<meta property=\"og:image:height\" content=\"1181\" \/>\n\t<meta property=\"og:image:type\" content=\"image\/jpeg\" \/>\n<meta name=\"twitter:card\" content=\"summary_large_image\" \/>\n<script type=\"application\/ld+json\" class=\"yoast-schema-graph\">{\"@context\":\"https:\\\/\\\/schema.org\",\"@graph\":[{\"@type\":\"WebPage\",\"@id\":\"https:\\\/\\\/sideshore.ch\\\/fr\\\/datenschutz\\\/\",\"url\":\"https:\\\/\\\/sideshore.ch\\\/fr\\\/datenschutz\\\/\",\"name\":\"D\u00e9claratoin de protection des donn\u00e9es - Sideshore AG\",\"isPartOf\":{\"@id\":\"https:\\\/\\\/sideshore.ch\\\/fr\\\/#website\"},\"primaryImageOfPage\":{\"@id\":\"https:\\\/\\\/sideshore.ch\\\/fr\\\/datenschutz\\\/#primaryimage\"},\"image\":{\"@id\":\"https:\\\/\\\/sideshore.ch\\\/fr\\\/datenschutz\\\/#primaryimage\"},\"thumbnailUrl\":\"https:\\\/\\\/sideshore.ch\\\/wp-content\\\/uploads\\\/2023\\\/09\\\/DSC_3013_photo_Bartek_Wolinski_www.wolisphoto.com_.jpg\",\"datePublished\":\"2023-09-11T11:32:54+00:00\",\"dateModified\":\"2024-02-13T09:31:28+00:00\",\"breadcrumb\":{\"@id\":\"https:\\\/\\\/sideshore.ch\\\/fr\\\/datenschutz\\\/#breadcrumb\"},\"inLanguage\":\"fr-FR\",\"potentialAction\":[{\"@type\":\"ReadAction\",\"target\":[\"https:\\\/\\\/sideshore.ch\\\/fr\\\/datenschutz\\\/\"]}]},{\"@type\":\"ImageObject\",\"inLanguage\":\"fr-FR\",\"@id\":\"https:\\\/\\\/sideshore.ch\\\/fr\\\/datenschutz\\\/#primaryimage\",\"url\":\"https:\\\/\\\/sideshore.ch\\\/wp-content\\\/uploads\\\/2023\\\/09\\\/DSC_3013_photo_Bartek_Wolinski_www.wolisphoto.com_.jpg\",\"contentUrl\":\"https:\\\/\\\/sideshore.ch\\\/wp-content\\\/uploads\\\/2023\\\/09\\\/DSC_3013_photo_Bartek_Wolinski_www.wolisphoto.com_.jpg\",\"width\":1772,\"height\":1181},{\"@type\":\"BreadcrumbList\",\"@id\":\"https:\\\/\\\/sideshore.ch\\\/fr\\\/datenschutz\\\/#breadcrumb\",\"itemListElement\":[{\"@type\":\"ListItem\",\"position\":1,\"name\":\"Startseite\",\"item\":\"https:\\\/\\\/sideshore.ch\\\/fr\\\/\"},{\"@type\":\"ListItem\",\"position\":2,\"name\":\"D\u00e9claratoin de protection des donn\u00e9es\"}]},{\"@type\":\"WebSite\",\"@id\":\"https:\\\/\\\/sideshore.ch\\\/fr\\\/#website\",\"url\":\"https:\\\/\\\/sideshore.ch\\\/fr\\\/\",\"name\":\"Sideshore AG\",\"description\":\"Your Swiss distribution partner for premium sports and outdoor brands\",\"publisher\":{\"@id\":\"https:\\\/\\\/sideshore.ch\\\/fr\\\/#organization\"},\"potentialAction\":[{\"@type\":\"SearchAction\",\"target\":{\"@type\":\"EntryPoint\",\"urlTemplate\":\"https:\\\/\\\/sideshore.ch\\\/fr\\\/?s={search_term_string}\"},\"query-input\":{\"@type\":\"PropertyValueSpecification\",\"valueRequired\":true,\"valueName\":\"search_term_string\"}}],\"inLanguage\":\"fr-FR\"},{\"@type\":\"Organization\",\"@id\":\"https:\\\/\\\/sideshore.ch\\\/fr\\\/#organization\",\"name\":\"Sideshore AG\",\"url\":\"https:\\\/\\\/sideshore.ch\\\/fr\\\/\",\"logo\":{\"@type\":\"ImageObject\",\"inLanguage\":\"fr-FR\",\"@id\":\"https:\\\/\\\/sideshore.ch\\\/fr\\\/#\\\/schema\\\/logo\\\/image\\\/\",\"url\":\"https:\\\/\\\/sideshore.ch\\\/wp-content\\\/uploads\\\/2024\\\/02\\\/Sideshore_Logo_231129_green.png\",\"contentUrl\":\"https:\\\/\\\/sideshore.ch\\\/wp-content\\\/uploads\\\/2024\\\/02\\\/Sideshore_Logo_231129_green.png\",\"width\":1875,\"height\":212,\"caption\":\"Sideshore AG\"},\"image\":{\"@id\":\"https:\\\/\\\/sideshore.ch\\\/fr\\\/#\\\/schema\\\/logo\\\/image\\\/\"}}]}<\/script>\n<!-- \/ Yoast SEO plugin. -->","yoast_head_json":{"title":"D\u00e9claratoin de protection des donn\u00e9es - Sideshore AG","description":"D\u00e9claration de protection des donn\u00e9es de la soci\u00e9t\u00e9 Sideshore AG A. Remarques concernant tous les canaux de vente 1. Responsable et contenu de ...","robots":{"index":"index","follow":"follow","max-snippet":"max-snippet:-1","max-image-preview":"max-image-preview:large","max-video-preview":"max-video-preview:-1"},"canonical":"https:\/\/sideshore.ch\/fr\/datenschutz\/","og_locale":"fr_FR","og_type":"article","og_title":"D\u00e9claratoin de protection des donn\u00e9es - Sideshore AG","og_description":"D\u00e9claration de protection des donn\u00e9es de la soci\u00e9t\u00e9 Sideshore AG A. Remarques concernant tous les canaux de vente 1. Responsable et contenu de ...","og_url":"https:\/\/sideshore.ch\/fr\/datenschutz\/","og_site_name":"Sideshore AG","article_modified_time":"2024-02-13T09:31:28+00:00","og_image":[{"width":1772,"height":1181,"url":"https:\/\/sideshore.ch\/wp-content\/uploads\/2023\/09\/DSC_3013_photo_Bartek_Wolinski_www.wolisphoto.com_.jpg","type":"image\/jpeg"}],"twitter_card":"summary_large_image","schema":{"@context":"https:\/\/schema.org","@graph":[{"@type":"WebPage","@id":"https:\/\/sideshore.ch\/fr\/datenschutz\/","url":"https:\/\/sideshore.ch\/fr\/datenschutz\/","name":"D\u00e9claratoin de protection des donn\u00e9es - Sideshore AG","isPartOf":{"@id":"https:\/\/sideshore.ch\/fr\/#website"},"primaryImageOfPage":{"@id":"https:\/\/sideshore.ch\/fr\/datenschutz\/#primaryimage"},"image":{"@id":"https:\/\/sideshore.ch\/fr\/datenschutz\/#primaryimage"},"thumbnailUrl":"https:\/\/sideshore.ch\/wp-content\/uploads\/2023\/09\/DSC_3013_photo_Bartek_Wolinski_www.wolisphoto.com_.jpg","datePublished":"2023-09-11T11:32:54+00:00","dateModified":"2024-02-13T09:31:28+00:00","breadcrumb":{"@id":"https:\/\/sideshore.ch\/fr\/datenschutz\/#breadcrumb"},"inLanguage":"fr-FR","potentialAction":[{"@type":"ReadAction","target":["https:\/\/sideshore.ch\/fr\/datenschutz\/"]}]},{"@type":"ImageObject","inLanguage":"fr-FR","@id":"https:\/\/sideshore.ch\/fr\/datenschutz\/#primaryimage","url":"https:\/\/sideshore.ch\/wp-content\/uploads\/2023\/09\/DSC_3013_photo_Bartek_Wolinski_www.wolisphoto.com_.jpg","contentUrl":"https:\/\/sideshore.ch\/wp-content\/uploads\/2023\/09\/DSC_3013_photo_Bartek_Wolinski_www.wolisphoto.com_.jpg","width":1772,"height":1181},{"@type":"BreadcrumbList","@id":"https:\/\/sideshore.ch\/fr\/datenschutz\/#breadcrumb","itemListElement":[{"@type":"ListItem","position":1,"name":"Startseite","item":"https:\/\/sideshore.ch\/fr\/"},{"@type":"ListItem","position":2,"name":"D\u00e9claratoin de protection des donn\u00e9es"}]},{"@type":"WebSite","@id":"https:\/\/sideshore.ch\/fr\/#website","url":"https:\/\/sideshore.ch\/fr\/","name":"Sideshore AG","description":"Your Swiss distribution partner for premium sports and outdoor brands","publisher":{"@id":"https:\/\/sideshore.ch\/fr\/#organization"},"potentialAction":[{"@type":"SearchAction","target":{"@type":"EntryPoint","urlTemplate":"https:\/\/sideshore.ch\/fr\/?s={search_term_string}"},"query-input":{"@type":"PropertyValueSpecification","valueRequired":true,"valueName":"search_term_string"}}],"inLanguage":"fr-FR"},{"@type":"Organization","@id":"https:\/\/sideshore.ch\/fr\/#organization","name":"Sideshore AG","url":"https:\/\/sideshore.ch\/fr\/","logo":{"@type":"ImageObject","inLanguage":"fr-FR","@id":"https:\/\/sideshore.ch\/fr\/#\/schema\/logo\/image\/","url":"https:\/\/sideshore.ch\/wp-content\/uploads\/2024\/02\/Sideshore_Logo_231129_green.png","contentUrl":"https:\/\/sideshore.ch\/wp-content\/uploads\/2024\/02\/Sideshore_Logo_231129_green.png","width":1875,"height":212,"caption":"Sideshore AG"},"image":{"@id":"https:\/\/sideshore.ch\/fr\/#\/schema\/logo\/image\/"}}]}},"_links":{"self":[{"href":"https:\/\/sideshore.ch\/fr\/wp-json\/wp\/v2\/pages\/881","targetHints":{"allow":["GET"]}}],"collection":[{"href":"https:\/\/sideshore.ch\/fr\/wp-json\/wp\/v2\/pages"}],"about":[{"href":"https:\/\/sideshore.ch\/fr\/wp-json\/wp\/v2\/types\/page"}],"author":[{"embeddable":true,"href":"https:\/\/sideshore.ch\/fr\/wp-json\/wp\/v2\/users\/2"}],"replies":[{"embeddable":true,"href":"https:\/\/sideshore.ch\/fr\/wp-json\/wp\/v2\/comments?post=881"}],"version-history":[{"count":1,"href":"https:\/\/sideshore.ch\/fr\/wp-json\/wp\/v2\/pages\/881\/revisions"}],"predecessor-version":[{"id":894,"href":"https:\/\/sideshore.ch\/fr\/wp-json\/wp\/v2\/pages\/881\/revisions\/894"}],"wp:featuredmedia":[{"embeddable":true,"href":"https:\/\/sideshore.ch\/fr\/wp-json\/wp\/v2\/media\/250"}],"wp:attachment":[{"href":"https:\/\/sideshore.ch\/fr\/wp-json\/wp\/v2\/media?parent=881"}],"curies":[{"name":"wp","href":"https:\/\/api.w.org\/{rel}","templated":true}]}}